{"id":5533,"date":"2024-08-19T15:31:48","date_gmt":"2024-08-19T22:31:48","guid":{"rendered":"https:\/\/amicaledessommeliers.com\/Coeurduquebec\/?page_id=5533"},"modified":"2026-04-20T10:49:43","modified_gmt":"2026-04-20T17:49:43","slug":"publications-nos-cuvees-section-coeur-du-quebec","status":"publish","type":"page","link":"https:\/\/amicaledessommeliers.com\/Coeurduquebec\/publications-nos-cuvees-section-coeur-du-quebec\/","title":{"rendered":"Publications Nos Cuv\u00e9es"},"content":{"rendered":"\t\t<div data-elementor-type=\"wp-page\" data-elementor-id=\"5533\" class=\"elementor elementor-5533\">\n\t\t\t\t\t\t<div class=\"elementor-inner\">\n\t\t\t\t<div class=\"elementor-section-wrap\">\n\t\t\t\t\t\t\t\t\t<section class=\"elementor-section elementor-top-section elementor-element elementor-element-347b8c1a elementor-section-boxed elementor-section-height-default elementor-section-height-default\" data-id=\"347b8c1a\" data-element_type=\"section\">\n\t\t\t\t\t\t<div class=\"elementor-container elementor-column-gap-default\">\n\t\t\t\t\t\t\t<div class=\"elementor-row\">\n\t\t\t\t\t<div class=\"elementor-column elementor-col-100 elementor-top-column elementor-element elementor-element-519c2f50\" data-id=\"519c2f50\" data-element_type=\"column\">\n\t\t\t<div class=\"elementor-column-wrap elementor-element-populated\">\n\t\t\t\t\t\t\t<div class=\"elementor-widget-wrap\">\n\t\t\t\t\t\t<div class=\"elementor-element elementor-element-6659c014 elementor-widget elementor-widget-text-editor\" data-id=\"6659c014\" data-element_type=\"widget\" data-widget_type=\"text-editor.default\">\n\t\t\t\t<div class=\"elementor-widget-container\">\n\t\t\t\t\t\t\t\t<div class=\"elementor-text-editor elementor-clearfix\">\n\t\t\t\t<p><!-- wp:heading {\"textColor\":\"vivid-cyan-blue\"} --><\/p>\n<h2 class=\"has-vivid-cyan-blue-color has-text-color\">Saison 2025-2026<\/h2>\n<ul>\n<li style=\"list-style-type: none;\">\n<ul>\n<li>\n<p><a href=\"https:\/\/amicaledessommeliers.com\/Coeurduquebec\/wp-content\/uploads\/2025\/09\/La-cuvee-2025-09-06.pdf\">Combat des blancs &#8211; 5 septembre 2025<\/a><\/p>\n<\/li>\n<\/ul>\n<ul>\n<li>\n<p><a href=\"https:\/\/amicaledessommeliers.com\/Coeurduquebec\/wp-content\/uploads\/2025\/09\/La-Cuvee-2025-09-19.pdf\">Vins &amp; Sports &#8211; 19 septembre 2025<\/a><\/p>\n<\/li>\n<\/ul>\n<ul>\n<li>\n<p><a href=\"https:\/\/amicaledessommeliers.com\/Coeurduquebec\/wp-content\/uploads\/2025\/10\/La-Cuvee-2025-10-03_format-journal.pdf\">Vins Canadiens &#8211; 3 octobre 2025<\/a><\/p>\n<\/li>\n<li>\n<p><a href=\"https:\/\/amicaledessommeliers.com\/Coeurduquebec\/wp-content\/uploads\/2025\/10\/La-Cuvee-2025-10-16.pdf\">Atelier P\u00e9ninsule Ib\u00e9rique &#8211; 16 octobre 2025<\/a><\/p>\n<\/li>\n<li><a href=\"https:\/\/amicaledessommeliers.com\/Coeurduquebec\/wp-content\/uploads\/2025\/10\/La-Cuvee-2025-10-24.pdf\">Comparer les Comparables &#8211; 24 octobre 2025<\/a><\/li>\n<\/ul>\n<\/li>\n<li style=\"list-style-type: none;\">\u00a0\n<ul>\n<li><a style=\"font-size: 12px; background-color: rgba(34, 1, 1, 0);\" href=\"https:\/\/amicaledessommeliers.com\/Coeurduquebec\/wp-content\/uploads\/2025\/11\/La-Cuvee-2025-11-14.pdf\">Importation priv\u00e9e &#8211; Ch\u00e2teau Plan\u00e8res &#8211; 14 novembre 2025<\/a><\/li>\n<\/ul>\n<\/li>\n<li style=\"list-style-type: none;\">\u00a0\n<ul>\n<li><a href=\"https:\/\/amicaledessommeliers.com\/Coeurduquebec\/wp-content\/uploads\/2025\/12\/La-Cuvee-2026-11-28.pdf\">Champagne Day &#8211; 28 novembre 2025\u00a0<\/a><\/li>\n<\/ul>\n<\/li>\n<li style=\"list-style-type: none;\">\u00a0\n<ul>\n<li><a href=\"https:\/\/amicaledessommeliers.com\/Coeurduquebec\/wp-content\/uploads\/2026\/02\/La-Cuvee_2026-01-24-Banquet.pdf\">Banquet de la St-Vincent &#8211; 24 janvier 2026<\/a><\/li>\n<\/ul>\n<\/li>\n<li style=\"list-style-type: none;\">\u00a0\n<ul>\n<li><a href=\"https:\/\/amicaledessommeliers.com\/Coeurduquebec\/wp-content\/uploads\/2026\/02\/La-Cuvee_2026-02-06.pdf\">Sur les chenins de la Loire &#8211; 6 f\u00e9vrier 2026<\/a><\/li>\n<\/ul>\n<\/li>\n<li style=\"list-style-type: none;\">\u00a0\n<ul>\n<li><a href=\"https:\/\/amicaledessommeliers.com\/Coeurduquebec\/wp-content\/uploads\/2026\/02\/La-Cuvee_2026-02-20.pdf\">Les c\u00e9pages mal aim\u00e9s ou oubli\u00e9s &#8211; 20 f\u00e9vrier 2026<\/a><\/li>\n<\/ul>\n<\/li>\n<li style=\"list-style-type: none;\">\u00a0\n<ul>\n<li><a href=\"https:\/\/amicaledessommeliers.com\/Coeurduquebec\/wp-content\/uploads\/2026\/03\/La-Cuvee-2026-03-13.pdf\">La prestige Serge Brunoni &#8211; 13 mars 2026<\/a><\/li>\n<\/ul>\n<\/li>\n<li style=\"list-style-type: none;\">\u00a0\n<ul>\n<li><a href=\"https:\/\/amicaledessommeliers.com\/Coeurduquebec\/wp-content\/uploads\/2026\/04\/La-Cuvee_2026-04-17.pdf\">Afrique du sud &#8211; 17 avril 2026<\/a><\/li>\n<\/ul>\n<\/li>\n<\/ul>\n<h2 class=\"has-vivid-cyan-blue-color has-text-color\">Saison 2024-2025<\/h2>\n<p><!-- \/wp:heading --><\/p>\n<p><!-- wp:list --><\/p>\n<ul>\n<li style=\"list-style-type: none;\">\n<ul><!-- wp:list-item --><\/ul>\n<\/li>\n<\/ul>\n<ul>\n<li style=\"list-style-type: none;\">\n<ul>\n<li><a href=\"https:\/\/amicaledessommeliers.com\/Coeurduquebec\/wp-content\/uploads\/2024\/09\/Les-Pouilly.pdf\">Les Pouilly &#8211; 6 septembre 2024<\/a><\/li>\n<\/ul>\n<\/li>\n<\/ul>\n<p><!-- \/wp:list-item --><\/p>\n<p><!-- wp:list-item --><\/p>\n<ul>\n<li style=\"list-style-type: none;\">\n<ul>\n<li><a href=\"https:\/\/amicaledessommeliers.com\/Coeurduquebec\/wp-content\/uploads\/2024\/09\/Italie-N-E-2024-09-20.pdf\">Italie Nord-Est &#8211; 20 septembre 2024<\/a><\/li>\n<\/ul>\n<\/li>\n<\/ul>\n<p><!-- \/wp:list-item --><\/p>\n<p><!-- wp:list-item --><\/p>\n<ul>\n<li style=\"list-style-type: none;\">\n<ul>\n<li><a href=\"https:\/\/amicaledessommeliers.com\/Coeurduquebec\/wp-content\/uploads\/2025\/01\/Cuvee-IP-15-novembre-2024.pdf\">Importations Priv\u00e9es &#8211; 15 novembre 2024<\/a><\/li>\n<\/ul>\n<\/li>\n<\/ul>\n<p><!-- \/wp:list-item --><\/p>\n<p><!-- wp:list-item --><\/p>\n<ul>\n<li style=\"list-style-type: none;\">\n<ul>\n<li><a href=\"https:\/\/amicaledessommeliers.com\/Coeurduquebec\/wp-content\/uploads\/2025\/01\/Cuvee-champagne-6-decembre-2024.pdf\">Champagne &#8211; 6 d\u00e9cembre 2024<\/a><\/li>\n<\/ul>\n<\/li>\n<\/ul>\n<p><!-- \/wp:list-item --><\/p>\n<p><!-- wp:list-item --><\/p>\n<ul>\n<li style=\"list-style-type: none;\">\n<ul>\n<li><a href=\"https:\/\/amicaledessommeliers.com\/Coeurduquebec\/wp-content\/uploads\/2025\/01\/Cuvee-Chili-10-decembre-2025.pdf\" target=\"_blank\" rel=\"noreferrer noopener\">Chili &#8211; 10 d\u00e9cembre 2025<\/a><\/li>\n<\/ul>\n<\/li>\n<\/ul>\n<p><!-- \/wp:list-item --><\/p>\n<p><!-- wp:list-item --><\/p>\n<ul>\n<li style=\"list-style-type: none;\">\n<ul>\n<li><a href=\"https:\/\/amicaledessommeliers.com\/Coeurduquebec\/wp-content\/uploads\/2025\/02\/Cuvee-Penfolds-6-fevrier-2025.pdf\">Penfolds &#8211; 6 f\u00e9vrier 2025<\/a><\/li>\n<\/ul>\n<\/li>\n<\/ul>\n<p><!-- \/wp:list-item --><\/p>\n<p><!-- wp:list-item --><\/p>\n<ul>\n<li style=\"list-style-type: none;\">\n<ul>\n<li><a href=\"https:\/\/amicaledessommeliers.com\/Coeurduquebec\/wp-content\/uploads\/2025\/03\/Cuvee-Grand-Chelem-21-fevrier-2025.pdf\">Grand Chelem &#8211; 21-fevrier 2025<\/a><\/li>\n<\/ul>\n<\/li>\n<\/ul>\n<p><!-- \/wp:list-item --><\/p>\n<p><!-- wp:list-item --><\/p>\n<ul>\n<li style=\"list-style-type: none;\">\n<ul>\n<li><a href=\"https:\/\/amicaledessommeliers.com\/Coeurduquebec\/wp-content\/uploads\/2025\/04\/Cuvee-prestige-14-mars-2025.pdf\">La Prestige Serge-Brunoni &#8211; 14 mars 2025<\/a><\/li>\n<\/ul>\n<\/li>\n<\/ul>\n<p><!-- \/wp:list-item --><\/p>\n<p><!-- wp:list-item --><\/p>\n<ul>\n<li style=\"list-style-type: none;\">\n<ul>\n<li><a href=\"https:\/\/amicaledessommeliers.com\/Coeurduquebec\/wp-content\/uploads\/2025\/06\/Cuvee-vin-de-France.pdf\">Les Vins de France &#8211; 25 avril 2025<\/a><\/li>\n<\/ul>\n<\/li>\n<\/ul>\n<p><!-- \/wp:list-item --><\/p>\n<p><!-- \/wp:list --><\/p>\n<p><!-- wp:heading {\"textColor\":\"vivid-cyan-blue\"} --><\/p>\n<h2 class=\"has-vivid-cyan-blue-color has-text-color\">Saison 2023-2024<\/h2>\n<p><!-- \/wp:heading --><\/p>\n<p><!-- wp:list --><\/p>\n<ul>\n<li style=\"list-style-type: none;\">\n<ul><!-- wp:list-item --><\/ul>\n<\/li>\n<\/ul>\n<ul>\n<li style=\"list-style-type: none;\">\n<ul>\n<li><a href=\"https:\/\/amicaledessommeliers.com\/Coeurduquebec\/wp-content\/uploads\/2024\/03\/Cuvee-Vins-noirs-12-01-2024.pdf\">Les vins noirs \u2013 12 janvier 2024<\/a><\/li>\n<\/ul>\n<\/li>\n<\/ul>\n<p><!-- \/wp:list-item --><\/p>\n<p><!-- wp:list-item --><\/p>\n<ul>\n<li style=\"list-style-type: none;\">\n<ul>\n<li><a href=\"https:\/\/amicaledessommeliers.com\/Coeurduquebec\/wp-content\/uploads\/2024\/03\/Cuvee-Saint-Vincent-27-01-2024.pdf\">Banquet de la St-Vincent \u2013 27 janvier 2024<\/a><\/li>\n<\/ul>\n<\/li>\n<\/ul>\n<p><!-- \/wp:list-item --><\/p>\n<p><!-- wp:list-item --><\/p>\n<ul>\n<li style=\"list-style-type: none;\">\n<ul>\n<li><a href=\"https:\/\/amicaledessommeliers.com\/Coeurduquebec\/wp-content\/uploads\/2024\/03\/Cuvee-Tempranillo-02-02-2024.pdf\">Le Tempranillo \u2013 2 f\u00e9vrier 2024<\/a><\/li>\n<\/ul>\n<\/li>\n<\/ul>\n<p><!-- \/wp:list-item --><\/p>\n<p><!-- wp:list-item --><\/p>\n<ul>\n<li style=\"list-style-type: none;\">\n<ul>\n<li><a href=\"https:\/\/amicaledessommeliers.com\/Coeurduquebec\/wp-content\/uploads\/2024\/03\/Cuvee-Rhone-meridional-15-03-2024.pdf\">Le Rh\u00f4ne m\u00e9ridional \u2013 15 mars 2024<\/a><\/li>\n<\/ul>\n<\/li>\n<\/ul>\n<p><!-- \/wp:list-item --><\/p>\n<p><!-- \/wp:list --><\/p>\t\t\t\t\t<\/div>\n\t\t\t\t\t\t<\/div>\n\t\t\t\t<\/div>\n\t\t\t\t<div class=\"elementor-element elementor-element-85a7c90 elementor-widget elementor-widget-text-editor\" data-id=\"85a7c90\" data-element_type=\"widget\" data-widget_type=\"text-editor.default\">\n\t\t\t\t<div class=\"elementor-widget-container\">\n\t\t\t\t\t\t\t\t<div class=\"elementor-text-editor elementor-clearfix\">\n\t\t\t\t<p><!-- wp:heading {\"textColor\":\"vivid-cyan-blue\"} --><\/p>\n<br>\n<h2 class=\"has-vivid-cyan-blue-color has-text-color\">Saison 2024-2025<\/h2>\n<p><!-- \/wp:heading --><\/p>\n<p><!-- wp:list --><\/p>\n<ul><!-- wp:list-item --><p><\/p>\n<li><a href=\"https:\/\/amicaledessommeliers.com\/Coeurduquebec\/wp-content\/uploads\/2024\/09\/Les-Pouilly.pdf\">Les Pouilly &#8211; 6 septembre 2024<\/a><\/li>\n<p><!-- \/wp:list-item --><\/p>\n<p><!-- wp:list-item --><\/p>\n<li><a href=\"https:\/\/amicaledessommeliers.com\/Coeurduquebec\/wp-content\/uploads\/2024\/09\/Italie-N-E-2024-09-20.pdf\">Italie Nord-Est &#8211; 20 septembre 2024<\/a><\/li>\n<p><!-- \/wp:list-item --><\/p>\n<p><!-- wp:list-item --><\/p>\n<li><a href=\"https:\/\/amicaledessommeliers.com\/Coeurduquebec\/wp-content\/uploads\/2025\/01\/Cuvee-IP-15-novembre-2024.pdf\">Importations Priv\u00e9es &#8211; 15 novembre 2024<\/a><\/li>\n<p><!-- \/wp:list-item --><\/p>\n<p><!-- wp:list-item --><\/p>\n<li><a href=\"https:\/\/amicaledessommeliers.com\/Coeurduquebec\/wp-content\/uploads\/2025\/01\/Cuvee-champagne-6-decembre-2024.pdf\">Champagne &#8211; 6 d\u00e9cembre 2024<\/a><\/li>\n<p><!-- \/wp:list-item --><\/p>\n<p><!-- wp:list-item --><\/p>\n<li><a rel=\"noreferrer noopener\" href=\"https:\/\/amicaledessommeliers.com\/Coeurduquebec\/wp-content\/uploads\/2025\/01\/Cuvee-Chili-10-decembre-2025.pdf\" target=\"_blank\">Chili &#8211; 10 d\u00e9cembre 2025<\/a><\/li>\n<p><!-- \/wp:list-item --><\/p>\n<p><!-- wp:list-item --><\/p>\n<li><a href=\"https:\/\/amicaledessommeliers.com\/Coeurduquebec\/wp-content\/uploads\/2025\/02\/Cuvee-Penfolds-6-fevrier-2025.pdf\">Penfolds &#8211; 6 f\u00e9vrier 2025<\/a><\/li>\n<p><!-- \/wp:list-item --><\/p>\n<p><!-- wp:list-item --><\/p>\n<li><a href=\"https:\/\/amicaledessommeliers.com\/Coeurduquebec\/wp-content\/uploads\/2025\/03\/Cuvee-Grand-Chelem-21-fevrier-2025.pdf\">Grand Chelem &#8211; 21-fevrier 2025<\/a><\/li>\n<p><!-- \/wp:list-item --><\/p>\n<p><!-- wp:list-item --><\/p>\n<li><a href=\"https:\/\/amicaledessommeliers.com\/Coeurduquebec\/wp-content\/uploads\/2025\/04\/Cuvee-prestige-14-mars-2025.pdf\">La Prestige Serge-Brunoni &#8211; 14 mars 2025<\/a><\/li>\n<p><!-- \/wp:list-item --><\/p>\n<p><!-- wp:list-item --><\/p>\n<li><a href=\"https:\/\/amicaledessommeliers.com\/Coeurduquebec\/wp-content\/uploads\/2025\/06\/Cuvee-vin-de-France.pdf\">Les Vins de France &#8211; 25 avril 2025<\/a><\/li>\n<p><!-- \/wp:list-item --><\/p>\n<\/ul>\n<p><!-- \/wp:list --><\/p>\n<p><!-- wp:heading {\"textColor\":\"vivid-cyan-blue\"} --><\/p>\n<h2 class=\"has-vivid-cyan-blue-color has-text-color\">Saison 2023-2024<\/h2>\n<p><!-- \/wp:heading --><\/p>\n<p><!-- wp:list --><\/p>\n<ul><!-- wp:list-item --><p><\/p>\n<li><a href=\"https:\/\/amicaledessommeliers.com\/Coeurduquebec\/wp-content\/uploads\/2024\/03\/Cuvee-Vins-noirs-12-01-2024.pdf\">Les vins noirs \u2013 12 janvier 2024<\/a><\/li>\n<p><!-- \/wp:list-item --><\/p>\n<p><!-- wp:list-item --><\/p>\n<li><a href=\"https:\/\/amicaledessommeliers.com\/Coeurduquebec\/wp-content\/uploads\/2024\/03\/Cuvee-Saint-Vincent-27-01-2024.pdf\">Banquet de la St-Vincent \u2013 27 janvier 2024<\/a><\/li>\n<p><!-- \/wp:list-item --><\/p>\n<p><!-- wp:list-item --><\/p>\n<li><a href=\"https:\/\/amicaledessommeliers.com\/Coeurduquebec\/wp-content\/uploads\/2024\/03\/Cuvee-Tempranillo-02-02-2024.pdf\">Le Tempranillo \u2013 2 f\u00e9vrier 2024<\/a><\/li>\n<p><!-- \/wp:list-item --><\/p>\n<p><!-- wp:list-item --><\/p>\n<li><a href=\"https:\/\/amicaledessommeliers.com\/Coeurduquebec\/wp-content\/uploads\/2024\/03\/Cuvee-Rhone-meridional-15-03-2024.pdf\">Le Rh\u00f4ne m\u00e9ridional \u2013 15 mars 2024<\/a><\/li>\n<p><!-- \/wp:list-item --><\/p>\n<\/ul>\n<p><!-- \/wp:list --><\/p>\t\t\t\t\t<\/div>\n\t\t\t\t\t\t<\/div>\n\t\t\t\t<\/div>\n\t\t\t\t\t\t<\/div>\n\t\t\t\t\t<\/div>\n\t\t<\/div>\n\t\t\t\t\t\t\t\t<\/div>\n\t\t\t\t\t<\/div>\n\t\t<\/section>\n\t\t\t\t<section class=\"elementor-section elementor-top-section elementor-element elementor-element-954e1c8 elementor-section-boxed elementor-section-height-default elementor-section-height-default\" data-id=\"954e1c8\" data-element_type=\"section\">\n\t\t\t\t\t\t<div class=\"elementor-container elementor-column-gap-default\">\n\t\t\t\t\t\t\t<div class=\"elementor-row\">\n\t\t\t\t\t<div class=\"elementor-column elementor-col-100 elementor-top-column elementor-element elementor-element-b5bbf51\" data-id=\"b5bbf51\" data-element_type=\"column\">\n\t\t\t<div class=\"elementor-column-wrap elementor-element-populated\">\n\t\t\t\t\t\t\t<div class=\"elementor-widget-wrap\">\n\t\t\t\t\t\t<div class=\"elementor-element elementor-element-83266c5 elementor-widget elementor-widget-text-editor\" data-id=\"83266c5\" data-element_type=\"widget\" data-widget_type=\"text-editor.default\">\n\t\t\t\t<div class=\"elementor-widget-container\">\n\t\t\t\t\t\t\t\t<div class=\"elementor-text-editor elementor-clearfix\">\n\t\t\t\t<p><!-- wp:heading {\"textColor\":\"vivid-cyan-blue\"} --><\/p>\n<br>\n<h2 class=\"has-vivid-cyan-blue-color has-text-color\">Saison 2024-2025<\/h2>\n<p><!-- \/wp:heading --><\/p>\n<p><!-- wp:list --><\/p>\n<ul><!-- wp:list-item --><p><\/p>\n<li><a href=\"https:\/\/amicaledessommeliers.com\/Coeurduquebec\/wp-content\/uploads\/2024\/09\/Les-Pouilly.pdf\">Les Pouilly &#8211; 6 septembre 2024<\/a><\/li>\n<p><!-- \/wp:list-item --><\/p>\n<p><!-- wp:list-item --><\/p>\n<li><a href=\"https:\/\/amicaledessommeliers.com\/Coeurduquebec\/wp-content\/uploads\/2024\/09\/Italie-N-E-2024-09-20.pdf\">Italie Nord-Est &#8211; 20 septembre 2024<\/a><\/li>\n<p><!-- \/wp:list-item --><\/p>\n<p><!-- wp:list-item --><\/p>\n<li><a href=\"https:\/\/amicaledessommeliers.com\/Coeurduquebec\/wp-content\/uploads\/2025\/01\/Cuvee-IP-15-novembre-2024.pdf\">Importations Priv\u00e9es &#8211; 15 novembre 2024<\/a><\/li>\n<p><!-- \/wp:list-item --><\/p>\n<p><!-- wp:list-item --><\/p>\n<li><a href=\"https:\/\/amicaledessommeliers.com\/Coeurduquebec\/wp-content\/uploads\/2025\/01\/Cuvee-champagne-6-decembre-2024.pdf\">Champagne &#8211; 6 d\u00e9cembre 2024<\/a><\/li>\n<p><!-- \/wp:list-item --><\/p>\n<p><!-- wp:list-item --><\/p>\n<li><a rel=\"noreferrer noopener\" href=\"https:\/\/amicaledessommeliers.com\/Coeurduquebec\/wp-content\/uploads\/2025\/01\/Cuvee-Chili-10-decembre-2025.pdf\" target=\"_blank\">Chili &#8211; 10 d\u00e9cembre 2025<\/a><\/li>\n<p><!-- \/wp:list-item --><\/p>\n<p><!-- wp:list-item --><\/p>\n<li><a href=\"https:\/\/amicaledessommeliers.com\/Coeurduquebec\/wp-content\/uploads\/2025\/02\/Cuvee-Penfolds-6-fevrier-2025.pdf\">Penfolds &#8211; 6 f\u00e9vrier 2025<\/a><\/li>\n<p><!-- \/wp:list-item --><\/p>\n<p><!-- wp:list-item --><\/p>\n<li><a href=\"https:\/\/amicaledessommeliers.com\/Coeurduquebec\/wp-content\/uploads\/2025\/03\/Cuvee-Grand-Chelem-21-fevrier-2025.pdf\">Grand Chelem &#8211; 21-fevrier 2025<\/a><\/li>\n<p><!-- \/wp:list-item --><\/p>\n<p><!-- wp:list-item --><\/p>\n<li><a href=\"https:\/\/amicaledessommeliers.com\/Coeurduquebec\/wp-content\/uploads\/2025\/04\/Cuvee-prestige-14-mars-2025.pdf\">La Prestige Serge-Brunoni &#8211; 14 mars 2025<\/a><\/li>\n<p><!-- \/wp:list-item --><\/p>\n<p><!-- wp:list-item --><\/p>\n<li><a href=\"https:\/\/amicaledessommeliers.com\/Coeurduquebec\/wp-content\/uploads\/2025\/06\/Cuvee-vin-de-France.pdf\">Les Vins de France &#8211; 25 avril 2025<\/a><\/li>\n<p><!-- \/wp:list-item --><\/p>\n<\/ul>\n<p><!-- \/wp:list --><\/p>\n<p><!-- wp:heading {\"textColor\":\"vivid-cyan-blue\"} --><\/p>\n<h2 class=\"has-vivid-cyan-blue-color has-text-color\">Saison 2023-2024<\/h2>\n<p><!-- \/wp:heading --><\/p>\n<p><!-- wp:list --><\/p>\n<ul><!-- wp:list-item --><p><\/p>\n<li><a href=\"https:\/\/amicaledessommeliers.com\/Coeurduquebec\/wp-content\/uploads\/2024\/03\/Cuvee-Vins-noirs-12-01-2024.pdf\">Les vins noirs \u2013 12 janvier 2024<\/a><\/li>\n<p><!-- \/wp:list-item --><\/p>\n<p><!-- wp:list-item --><\/p>\n<li><a href=\"https:\/\/amicaledessommeliers.com\/Coeurduquebec\/wp-content\/uploads\/2024\/03\/Cuvee-Saint-Vincent-27-01-2024.pdf\">Banquet de la St-Vincent \u2013 27 janvier 2024<\/a><\/li>\n<p><!-- \/wp:list-item --><\/p>\n<p><!-- wp:list-item --><\/p>\n<li><a href=\"https:\/\/amicaledessommeliers.com\/Coeurduquebec\/wp-content\/uploads\/2024\/03\/Cuvee-Tempranillo-02-02-2024.pdf\">Le Tempranillo \u2013 2 f\u00e9vrier 2024<\/a><\/li>\n<p><!-- \/wp:list-item --><\/p>\n<p><!-- wp:list-item --><\/p>\n<li><a href=\"https:\/\/amicaledessommeliers.com\/Coeurduquebec\/wp-content\/uploads\/2024\/03\/Cuvee-Rhone-meridional-15-03-2024.pdf\">Le Rh\u00f4ne m\u00e9ridional \u2013 15 mars 2024<\/a><\/li>\n<p><!-- \/wp:list-item --><\/p>\n<\/ul>\n<p><!-- \/wp:list --><\/p>\t\t\t\t\t<\/div>\n\t\t\t\t\t\t<\/div>\n\t\t\t\t<\/div>\n\t\t\t\t\t\t<\/div>\n\t\t\t\t\t<\/div>\n\t\t<\/div>\n\t\t\t\t\t\t\t\t<\/div>\n\t\t\t\t\t<\/div>\n\t\t<\/section>\n\t\t\t\t\t\t\t\t\t<\/div>\n\t\t\t<\/div>\n\t\t\t\t\t<\/div>\n\t\t","protected":false},"excerpt":{"rendered":"<p>Saison 2025-2026 Combat des blancs &#8211; 5 septembre 2025 Vins &amp; Sports &#8211; 19 septembre 2025 Vins Canadiens &#8211; 3 octobre 2025 Atelier P\u00e9ninsule Ib\u00e9rique &#8211; 16 octobre 2025 Comparer les Comparables &#8211; 24 octobre 2025 \u00a0 Importation priv\u00e9e &#8211; Ch\u00e2teau Plan\u00e8res &#8211; 14 novembre 2025 \u00a0 Champagne Day &#8211; 28 novembre 2025\u00a0 \u00a0 Banquet de la St-Vincent &#8211; 24 janvier 2026 \u00a0 Sur les chenins de la Loire &#8211;<\/p>\n<p><a class=\"more-link\" href=\"https:\/\/amicaledessommeliers.com\/Coeurduquebec\/publications-nos-cuvees-section-coeur-du-quebec\/\">Lire la suite&#8230;<\/a><\/p>\n","protected":false},"author":13,"featured_media":0,"parent":0,"menu_order":0,"comment_status":"closed","ping_status":"closed","template":"","meta":[],"_links":{"self":[{"href":"https:\/\/amicaledessommeliers.com\/Coeurduquebec\/wp-json\/wp\/v2\/pages\/5533"}],"collection":[{"href":"https:\/\/amicaledessommeliers.com\/Coeurduquebec\/wp-json\/wp\/v2\/pages"}],"about":[{"href":"https:\/\/amicaledessommeliers.com\/Coeurduquebec\/wp-json\/wp\/v2\/types\/page"}],"author":[{"embeddable":true,"href":"https:\/\/amicaledessommeliers.com\/Coeurduquebec\/wp-json\/wp\/v2\/users\/13"}],"replies":[{"embeddable":true,"href":"https:\/\/amicaledessommeliers.com\/Coeurduquebec\/wp-json\/wp\/v2\/comments?post=5533"}],"version-history":[{"count":57,"href":"https:\/\/amicaledessommeliers.com\/Coeurduquebec\/wp-json\/wp\/v2\/pages\/5533\/revisions"}],"predecessor-version":[{"id":5948,"href":"https:\/\/amicaledessommeliers.com\/Coeurduquebec\/wp-json\/wp\/v2\/pages\/5533\/revisions\/5948"}],"wp:attachment":[{"href":"https:\/\/amicaledessommeliers.com\/Coeurduquebec\/wp-json\/wp\/v2\/media?parent=5533"}],"curies":[{"name":"wp","href":"https:\/\/api.w.org\/{rel}","templated":true}]}}