{"id":30,"date":"2011-06-22T18:12:43","date_gmt":"2011-06-23T01:12:43","guid":{"rendered":"http:\/\/www.amicaledessommeliers.com\/wordpressOU\/?page_id=30"},"modified":"2019-05-15T06:33:59","modified_gmt":"2019-05-15T13:33:59","slug":"esquisse-historique-de-lamicale","status":"publish","type":"page","link":"https:\/\/amicaledessommeliers.com\/Quebec\/qui-sommes-nous\/esquisse-historique-de-lamicale\/","title":{"rendered":"Esquisse historique de l&rsquo;Amicale"},"content":{"rendered":"<p>16 janvier 1962, la naissance de \u00ab L&rsquo;AMICALE DES SOMMELIERS DE LA PROVINCE DE QU\u00c9BEC \u00bb<\/p>\n<p style=\"text-align: justify;\">En 1962, suite \u00e0 une suggestion de Monsieur Pierre Brassac, du Comit\u00e9 canadien des vins de France, quelques professionnels du milieu de l&rsquo;h\u00f4tellerie et de la restauration d\u00e9posaient la demande d&rsquo;incorporation d&rsquo;une association vineuse. C&rsquo;est en effet le 16 janvier 1962 que le Lieutenant-gouverneur du Qu\u00e9bec d\u00e9livrait les lettres patentes constituant en compagnie \u00e0 but non-lucratif, \u00ab L&rsquo;AMICALE DES SOMMELIERS DE LA PROVINCE DE QU\u00c9BEC \u00bb, suite \u00e0 la requ\u00eate formul\u00e9e par Pierre Bougain, ma\u00eetre d&rsquo;h\u00f4tel, Charles Tonneau, sommelier, Jean Le Goff, directeur de restaurant, tous trois de Montr\u00e9al, Jean-C. Carret, sommelier de Toronto, Eberhard Rado de Val-David et Victor Lef\u00e8bvre de Qu\u00e9bec, tous deux ma\u00eetres d&rsquo;h\u00f4tels.<\/p>\n<p style=\"text-align: justify;\">La plupart des fondateurs \u00e9taient des Europ\u00e9ens et, pour eux, il s&rsquo;agissait de reconstituer ici, en terre du Qu\u00e9bec, le pendant d&rsquo;organismes similaires \u00e0 ceux d&rsquo;Europe et plus particuli\u00e8rement ceux des pays producteurs de vin. Ils \u00e9taient anim\u00e9s du m\u00eame d\u00e9sir de communiquer leur amour du vin afin de le faire conna\u00eetre et appr\u00e9cier davantage.<\/p>\n<h5 style=\"text-align: right;\">communiquer leur amour du vin afin de le faire conna\u00eetre et appr\u00e9cier davantage<\/h5>\n<p>Il faut bien reconna\u00eetre qu&rsquo;\u00e0 cette \u00e9poque, cela n&rsquo;\u00e9tait pas chose facile, les connaissances \u0153nologiques des Qu\u00e9b\u00e9cois \u00e9tant alors plus que limit\u00e9es. La lib\u00e9ralisation de la vente du vin ne conna\u00eetra son d\u00e9blocage que plusieurs ann\u00e9es plus tard. Aussi, si la profession de sommelier \u00e9tait tr\u00e8s r\u00e9pandue et g\u00e9n\u00e9ralis\u00e9e en Europe, il faut reconna\u00eetre qu&rsquo;\u00e0 ce moment (tout comme maintenant d&rsquo;ailleurs), ici elle \u00e9tait loin d&rsquo;\u00eatre encombr\u00e9e.<\/p>\n<p style=\"text-align: justify;\">C&rsquo;est pourquoi, au d\u00e9part, l&rsquo;Amicale regroupait uniquement des professionnels de l&rsquo;h\u00f4tellerie et de la restauration. Au d\u00e9but, monsieur Pierre Bougain a assum\u00e9 la pr\u00e9sidence, et la cotisation \u00e9tait de 1 $ par mois. A sa premi\u00e8re ann\u00e9e d&rsquo;existence, l&rsquo;Amicale recruta quelque vingt membres qui se rencontraient lors de d\u00e9jeuners mensuels pour d\u00e9guster les diff\u00e9rents vins qui leur \u00e9taient fournis par des n\u00e9gociants. Limit\u00e9e d&rsquo;abord \u00e0 la r\u00e9gion m\u00e9tropolitaine de Montr\u00e9al, l&rsquo;Amicale \u00e9tendit son action par la cr\u00e9ation de la section de Qu\u00e9bec en 1963 et celle de l&rsquo;Outaouais en 1975.<\/p>\n<h5 style=\"text-align: right;\">une des premi\u00e8res associations vineuses dans la promotion des vins au Qu\u00e9bec<\/h5>\n<p style=\"text-align: justify;\">Au cours des ann\u00e9es, les exigences pour devenir membre de l&rsquo;Amicale se sont modifi\u00e9es de fa\u00e7on notable et, outre les professionnels du m\u00e9tier, l&rsquo;Amicale accueillit dans ses rangs les amateurs et les amants du vin qui ont comme point commun de conna\u00eetre et appr\u00e9cier les vins. L&rsquo;Amicale a connu une certaine p\u00e9riode de ralentissement mais, depuis le d\u00e9but des ann\u00e9es 70, les sections ont montr\u00e9 que, non seulement l&rsquo;Amicale est bel et bien vivante mais qu&rsquo;elle r\u00e9pond aux besoins de tous ceux qui d\u00e9sirent se r\u00e9unir pour mieux conna\u00eetre et appr\u00e9cier les produits de la vigne, contribuant du m\u00eame coup au d\u00e9veloppement de l&rsquo;industrie vineuse du Qu\u00e9bec. En effet, gr\u00e2ce aux cours d\u2019\u0153nologie offerts \u00e0 tous les amateurs de vin et aussi gr\u00e2ce \u00e0 l&rsquo;influence que ces dirigeants et ces membres \u0153uvrant dans le milieu de la commercialisation du vin exercent aupr\u00e8s des divers organismes commerciaux et gouvernementaux, l&rsquo;Amicale est devenue une des premi\u00e8res associations vineuses dans la promotion des vins au Qu\u00e9bec.<\/p>\n<p style=\"text-align: justify;\">Parmi les \u00e9v\u00e9nements majeurs qui ont marqu\u00e9 l&rsquo;histoire de l&rsquo;Amicale, il importe de souligner son jumelage avec l&rsquo;Amicale des Sommeliers d&rsquo;Italie, \u00e9v\u00e9nement qui, en 1977, par l&rsquo;action conjointe des trois sections, permet \u00e0 l&rsquo;Amicale d&rsquo;atteindre l&rsquo;un de ses plus hauts sommets \u00e0 l&rsquo;occasion de la visite des sommeliers d&rsquo;Italie en 1977, l&rsquo;autre au Portugal, \u00e0 l&rsquo;occasion du troisi\u00e8me concours mondial des \u00c9chansons o\u00f9 nous \u00e9tions avantageusement repr\u00e9sent\u00e9s par Jean Caron et Jules Roiseux. En 1982, l&rsquo;Amicale provinciale c\u00e9l\u00e9brait son vingti\u00e8me anniversaire en m\u00eame temps que la section de Montr\u00e9al.<\/p>\n<h5 style=\"text-align: right;\">En 1989, la cr\u00e9ation de l\u2019Ordre des Gouverneurs de L\u2019Amicale<\/h5>\n<p>L&rsquo;ann\u00e9e suivante, la section de Qu\u00e9bec c\u00e9l\u00e9brait aussi ses vingt ans. Deux ans plus tard, l&rsquo;Outaouais, ses dix ans. En 1987, la section de Montr\u00e9al c\u00e9l\u00e8bre les vingt-cinq ans d&rsquo;existence de l&rsquo;organisation par la tenue d&rsquo;un gala r\u00e9unissant plus de trois cent vingt-cinq convives \u00e0 l&rsquo;h\u00f4tel Ritz-Carleton de Montr\u00e9al. Douze mois plus tard, Qu\u00e9bec f\u00eatait son quart de si\u00e8cle. C&rsquo;est en 1988 que de nouvelles toges ont finalement \u00e9t\u00e9 accept\u00e9es par tous les repr\u00e9sentants des sections, donnant plus de prestance aux c\u00e9r\u00e9monies. En 1989, l&rsquo;on terminait, apr\u00e8s quelques ann\u00e9es de travail pr\u00e9paratoire, la cr\u00e9ation de l&rsquo;Ordre des Gouverneurs de L&rsquo;Amicale, qui r\u00e9unit les anciens pr\u00e9sidents, autant les pr\u00e9sidents de sections que les pr\u00e9sidents de l&rsquo;Amicale au niveau provincial qui sont encore actifs au sein de l&rsquo;organisation.<\/p>\n<p style=\"text-align: justify;\">En 1992, l&rsquo;Amicale f\u00eate ses trente ans. Un repas c\u00e9l\u00e9brant cet \u00e9v\u00e9nement a lieu au Centre Sheraton de Montr\u00e9al le 11 avril. L&rsquo;Amicale c\u00e9l\u00e8bre ses trente ans. En mars 1993, la section de Qu\u00e9bec a elle aussi c\u00e9l\u00e9br\u00e9 son trenti\u00e8me anniversaire de belle fa\u00e7on, au Ch\u00e2teau Frontenac. En 1995, la section de l&rsquo;Outaouais a eu l&rsquo;occasion de c\u00e9l\u00e9brer son vingti\u00e8me anniversaire. La section a organis\u00e9 un gala \u00e0 la Maison du Citoyen de Hull. En 1997, la section du Montr\u00e9al-M\u00e9tropolitain c\u00e9l\u00e8bre les trente-cinq ans de l\u2019Amicale au Westin Mont-Royal, \u00e0 Montr\u00e9al. En f\u00e9vrier 1997, le Conseil g\u00e9n\u00e9ral autorise la formation de la section C\u0153ur du Qu\u00e9bec et une premi\u00e8re activit\u00e9 a lieu en novembre 1997 au Mus\u00e9e des Arts et Traditions populaires de Trois-Rivi\u00e8res. En novembre 1997, Fran\u00e7ois Desaulniers de la section Outaouais cr\u00e9a le site Internet de l\u2019Amicale des Sommeliers du Qu\u00e9bec. En 1998, la section de Qu\u00e9bec a aussi c\u00e9l\u00e9br\u00e9 son trente-cinqui\u00e8me anniversaire de belle fa\u00e7on au Restaurant Le Michelangelo de Qu\u00e9bec et en juin 1998, la section C\u0153ur du Qu\u00e9bec est officiellement cr\u00e9\u00e9e, lors de la r\u00e9union annuelle de l\u2019Assembl\u00e9e g\u00e9n\u00e9rale des membres. En 2000, la section de l&rsquo;Outaouais a eu l&rsquo;occasion de c\u00e9l\u00e9brer son vingt-cinqui\u00e8me anniversaire. La section a organis\u00e9 un gala au Restaurant Les Muses du Mus\u00e9e des Civilisations \u00e0 Hull. En mars 2000 a lieu la finale du premier concours annuel de d\u00e9gustation de l\u2019Amicale. Le repr\u00e9sentant de la section C\u0153ur du Qu\u00e9bec a remport\u00e9 les honneurs.<\/p>\n<p style=\"text-align: justify;\">En juin 2001, le concours annuel de d\u00e9gustation de l\u2019Amicale devient par \u00e9quipe de trois afin d\u2019augmenter la participation et le caract\u00e8re convivial de l\u2019activit\u00e9. L&rsquo;\u00e9quipe du C\u0153ur du Qu\u00e9bec a remport\u00e9 les honneurs de ce concours.<\/p>\n<h5 style=\"text-align: right;\">L&rsquo;Amicale c\u00e9l\u00e8bre ses quarante ans<\/h5>\n<p style=\"text-align: justify;\">En novembre 2002, la section du Montr\u00e9al-M\u00e9tropolitain a eu l&rsquo;occasion de c\u00e9l\u00e9brer les quarante ans de l\u2019Amicale. La section a organis\u00e9 un gala au Casino \u00e0 Montr\u00e9al. En juin, les repr\u00e9sentants de la section C\u0153ur du Qu\u00e9bec ont de nouveau remport\u00e9 le concours annuel de d\u00e9gustation de l\u2019Amicale. En f\u00e9vrier 2003, la section de Qu\u00e9bec f\u00eate son quaranti\u00e8me anniversaire \u00e0 l\u2019H\u00f4tel Radisson de Qu\u00e9bec et la section C\u0153ur du Qu\u00e9bec, son cinqui\u00e8me anniversaire \u00e0 Trois-Rivi\u00e8res. De plus, en cette m\u00eame ann\u00e9e, un comit\u00e9 est mis en Place par l\u2019Amicale pour l\u2019uniformisation et la r\u00e9vision des cours sur la Connaissance du Vin. En juin, les repr\u00e9sentants de la section Outaouais ont remport\u00e9 le concours annuel de d\u00e9gustation de l\u2019Amicale. En juin 2004, les repr\u00e9sentants de la section Outaouais ont remport\u00e9 \u00e0 nouveau le concours annuel de d\u00e9gustation de l\u2019Amicale. En juin 2005, les repr\u00e9sentants de la section C\u0153ur du Qu\u00e9bec ont remport\u00e9 \u00e0 nouveau le concours annuel de d\u00e9gustation de l\u2019Amicale. Finalement, en septembre 2005, la section Cantons-de-l&rsquo;Est est officiellement cr\u00e9\u00e9e. En juin 2006, les repr\u00e9sentants de la section Cantons-de-l&rsquo;Est ont remport\u00e9 leur premier concours annuel de d\u00e9gustation de l\u2019Amicale.<\/p>\n<h3><strong>Les anciens pr\u00e9sidents de la section Outaouais<\/strong><\/h3>\n<p><strong>2018-****&nbsp;&nbsp; <\/strong>Jean-Fran\u00e7ois Fiset<strong><br \/>\n2015-2018 <\/strong>Andr\u00e9 Thivierge <strong><br \/>\n2012-2015<\/strong> Gilles Proulx<br \/>\n<strong>2008-2012<\/strong> R\u00e9jean Fortier, Gouverneur<br \/>\n<strong>2005-2008<\/strong> Richard Bourassa, Gouverneur<br \/>\n<strong>2003-2005<\/strong> Yves Bovet, Gouverneur<br \/>\n<strong>2001-2003<\/strong> Serge Presseau, Gouverneur<br \/>\n<strong>1999-2001 <\/strong>Jean-Claude Carisse<br \/>\n<strong>1997-1999<\/strong> Johanne Lanthier, Gouverneur<br \/>\n<strong>1994-1997 <\/strong>Jean-Michel Demarcq, Gouverneur<br \/>\n<strong>1993-1994<\/strong> Pierre Charlebois<br \/>\n<strong>1992-1993<\/strong> Pierre B\u00e9langer<br \/>\n<strong>1990-1992<\/strong> Georges Sarrazin, Gouverneur<br \/>\n<strong>1988-1990 <\/strong>Jean Gervais, Gouverneur<br \/>\n<strong>1986-1988<\/strong> Carol Beauchamp<br \/>\n<strong>1984-1986 <\/strong>Guy Racine, Gouverneur<br \/>\n<strong>1983-1984<\/strong> Liliane Desmarais, Gouverneur \u2020<br \/>\n<strong>1981-1983<\/strong> Jacques Blouin, Gouverneur<br \/>\n<strong>1979-1981<\/strong> Raymond Gladu<br \/>\n<strong>1978-1979<\/strong> Jacques Labelle, Gouverneur<br \/>\n<strong>1977-1978 <\/strong>Nick Urban<br \/>\n<strong>1975-1977 <\/strong>Andr\u00e9 Dupuis \u2020<\/p>\n<h3>Les Chevaliers de la section Outaouais<\/h3>\n<table width=\"100%\" cellpadding=\"0\" border=\"0\">\n<tbody>\n<tr>\n<td valign=\"top\">Diane Ally<br \/>\nCarol Beauchamp<br \/>\nLouise Beaulne<br \/>\nJoanne B\u00e9rub\u00e9<br \/>\nJacques Blouin<br \/>\nAndr\u00e9 Boivin<br \/>\nPaul-Andr\u00e9 Bolduc<br \/>\nElisa Bonvicini<br \/>\nRen\u00e9 Bordeleau<br \/>\nRichard Bourassa<br \/>\nDanielle Bouvet<br \/>\nKathy Bourget<br \/>\nYves Bovet<br \/>\nFran\u00e7ois Brossard<br \/>\nPhilippe Brunet<br \/>\nFran\u00e7oise Cambron<br \/>\nJean-Claude Carisse<br \/>\nJean-Guy Chapman<br \/>\nPierre Charlebois<br \/>\nRen\u00e9 Chartrand<br \/>\nDiane Cofsky<br \/>\nAntoine C\u00f4t\u00e9<br \/>\nCaroline C\u00f4t\u00e9<br \/>\nJocelyn D\u00e9coste<br \/>\nJean-Michel Demarcq<br \/>\nFran\u00e7ois Desaulniers<br \/>\nLiliane Desmarais \u2020<br \/>\nFrancine Dor\u00e9<\/td>\n<td valign=\"top\">Brigitte Doucet<br \/>\nRichard Drouin<br \/>\n\u00c9dith Dubois<br \/>\nDaniel Ducharme<br \/>\nPaul-\u00c9mile \u00c9l\u00e9ment<br \/>\nMance-Denise Ferron<br \/>\nJean-Fran\u00e7ois Fiset<br \/>\nR\u00e9jean Fortier<br \/>\nAnnie Fournier<br \/>\nGilbert Gagnon<br \/>\nGilles Gagnon<br \/>\nLouis Gagnon<br \/>\nSylvie Gaudet<br \/>\nClaude Gaudreau<br \/>\nJean Gervais<br \/>\nManon Gingras<br \/>\nRaymond Gladu<br \/>\nAlain Grenier<br \/>\nLucien Grenier \u2020<br \/>\nRoxanne Gu\u00e9rard<br \/>\nDenis Harrisson<br \/>\nDenis A. Labelle<br \/>\nJacques H. Labelle<br \/>\nRoger Landriault<br \/>\nLouis Landry<br \/>\nPatrick Langlois<br \/>\nJohanne Lanthier<br \/>\nMaurice Laplante<\/td>\n<td valign=\"top\">Joanne Larivi\u00e8re<br \/>\nSylvain Lavoie<br \/>\nFran\u00e7ois Lemay<br \/>\nAndr\u00e9 Levesque<br \/>\nR\u00e9al L\u00e9vesque \u2020<br \/>\nFran\u00e7ois Mainville<br \/>\nMado Mainville<br \/>\nMarie-France Marquis<br \/>\nGuy Meloche<br \/>\nMarielle Meloche<br \/>\nPierre Olivier<br \/>\nMichael O&rsquo;Neil<br \/>\nFern Parisien<br \/>\nLouise Plouffe<br \/>\nRobert Potvin<br \/>\nSerge Presseau<br \/>\nGilles Proulx<br \/>\nFran\u00e7oise Quesnel-Racine<br \/>\nGuy Racine<br \/>\nSuzanne Rajotte<br \/>\nRobert R\u00e9gimbald<br \/>\nRoch Rollin<br \/>\nYves Roy<br \/>\nFabienne Sarrazin<br \/>\nGeorges Sarrazin<br \/>\nAndr\u00e9 Thivierge<br \/>\nDanielle Tremblay<br \/>\nM\u00e9ziane Zeroual<\/td>\n<\/tr>\n<\/tbody>\n<\/table>\n<h3><strong>Gagnants du concours \u00ab R\u00e9al-L\u00e9vesque \u00bb<\/strong><\/h3>\n<p>Chaque ann\u00e9e, la section Outaouais organise un concours de d\u00e9gustation amicale sur un th\u00e8me particulier. Les r\u00e9cipiendaires \u00e9m\u00e9rites vont ensuite nous repr\u00e9senter face aux autres sections dans le prestigieux concours de d\u00e9gustation provincial \u00ab Jean-Michel-Demarcq \u00bb. Le concours provincial porte le nom de \u00ab Jean-Michel-Demarcq \u00bb depuis mai 2008.<\/p>\n<p>Voici, par \u00e9dition, les personnes r\u00e9cipiendaires de la coupe \u00ab R\u00e9al-L\u00e9vesque \u00bb :<\/p>\n<ul>\n<li><strong>14<sup>e<\/sup> \u00e9dition <\/strong>le 11 mai 2013<br \/>\nPatrick Langlois<br \/>\nMarie-Claude Picard<\/li>\n<\/ul>\n<ul>\n<li><strong>13<sup>e<\/sup> \u00e9dition <\/strong>le 11 mai 2012<br \/>\nJoanne B\u00e9rub\u00e9<\/p>\n<ul>\n<ul>Manon Gingras<\/ul>\n<\/ul>\n<ul>Gilles Proulx<\/p>\n<li><strong>12<sup>e<\/sup> \u00e9dition <\/strong>le 25 mars 2011<br \/>\n<strong>\u00c9quipe gagnante au concours provincial \u00ab Jean-Michel-Demarcq \u00bb \u00ab \u00c9dition 2011 \u00bb<\/strong><\/p>\n<ul>\n<li style=\"list-style-type: none;\">\n<ul>Annie Fournier<\/ul>\n<\/li>\n<\/ul>\n<ul>\n<li style=\"list-style-type: none;\">\n<ul>Patrick Langlois<\/ul>\n<\/li>\n<\/ul>\n<ul>Gilles Proulx<\/ul>\n<\/li>\n<li><strong>11<sup>e<\/sup> \u00e9dition <\/strong>le 16 avril 2010\n<ul>\n<li style=\"list-style-type: none;\">\n<ul>Paul-\u00c9mile \u00c9l\u00e9ment<\/ul>\n<\/li>\n<\/ul>\n<ul>\n<li style=\"list-style-type: none;\">\n<ul>Louis Landry<\/ul>\n<\/li>\n<\/ul>\n<ul>Johanne Lanthier<\/ul>\n<\/li>\n<li><strong>10<sup>e<\/sup> \u00e9dition <\/strong>le 24 avril 2009<br \/>\n<strong>\u00c9quipe gagnante au concours provincial \u00ab Jean-Michel-Demarcq \u00bb \u00ab \u00c9dition 2009 \u00bb<\/strong><\/p>\n<ul>\n<li style=\"list-style-type: none;\">\n<ul>Paul-\u00c9mile \u00c9l\u00e9ment<\/ul>\n<\/li>\n<\/ul>\n<ul>\n<li style=\"list-style-type: none;\">\n<ul>Louis Landry<\/ul>\n<\/li>\n<\/ul>\n<ul>Johanne Lanthier<\/ul>\n<\/li>\n<li><strong>9<sup>e<\/sup> \u00e9dition <\/strong>le 25 avril 2008\n<ul>\n<li style=\"list-style-type: none;\">\n<ul>Jean Beno\u00eet<\/ul>\n<\/li>\n<\/ul>\n<ul>\n<li style=\"list-style-type: none;\">\n<ul>R\u00e9jean Fortier<\/ul>\n<\/li>\n<\/ul>\n<ul>Johanne Lanthier<\/ul>\n<\/li>\n<li><strong>8<sup>e<\/sup> \u00e9dition <\/strong>le 27 avril 2007\n<ul>\n<li style=\"list-style-type: none;\">\n<ul>Richard Bourassa<\/ul>\n<\/li>\n<\/ul>\n<ul>\n<li style=\"list-style-type: none;\">\n<ul>Louis Landry<\/ul>\n<\/li>\n<\/ul>\n<ul>Johanne Lanthier<\/ul>\n<\/li>\n<li><strong>7<sup>e<\/sup> \u00e9dition <\/strong>le 21 avril 2006\n<ul>\n<li style=\"list-style-type: none;\">\n<ul>Daniel Ducharme<\/ul>\n<\/li>\n<\/ul>\n<ul>\n<li style=\"list-style-type: none;\">\n<ul>Paul-\u00c9mile \u00c9l\u00e9ment<\/ul>\n<\/li>\n<\/ul>\n<ul>Serge Presseau<\/ul>\n<\/li>\n<li><strong>6<sup>e<\/sup> \u00e9dition <\/strong>le 25 f\u00e9vrier 2005\n<ul>\n<li style=\"list-style-type: none;\">\n<ul>Daniel Ducharme<\/ul>\n<\/li>\n<\/ul>\n<ul>\n<li style=\"list-style-type: none;\">\n<ul>Paul-\u00c9mile \u00c9l\u00e9ment<\/ul>\n<\/li>\n<\/ul>\n<ul>Serge Presseau<\/ul>\n<\/li>\n<li><strong>5<sup>e<\/sup> \u00e9dition <\/strong>le 26 mars 2004<br \/>\n<strong>\u00c9quipe gagnante au concours provincial \u00ab \u00c9dition 2004 \u00bb<\/strong><\/p>\n<ul>\n<li style=\"list-style-type: none;\">\n<ul>Marc Duhamel<\/ul>\n<\/li>\n<\/ul>\n<ul>\n<li style=\"list-style-type: none;\">\n<ul>Annie Fournier<\/ul>\n<\/li>\n<\/ul>\n<ul>Louis Landry<\/ul>\n<\/li>\n<li><strong>4<sup>e<\/sup> \u00e9dition <\/strong>le 7 f\u00e9vrier 2003<br \/>\n<strong>\u00c9quipe gagnante au concours provincial \u00ab \u00c9dition 2003 \u00bb<\/strong><\/p>\n<ul>\n<li style=\"list-style-type: none;\">\n<ul>Daniel Ducharme<\/ul>\n<\/li>\n<\/ul>\n<ul>\n<li style=\"list-style-type: none;\">\n<ul>Paul-\u00c9mile \u00c9l\u00e9ment<\/ul>\n<\/li>\n<\/ul>\n<ul>Serge Presseau<\/ul>\n<\/li>\n<li><strong>3<sup>e<\/sup> \u00e9dition <\/strong>le 8 f\u00e9vrier 2002\n<ul>\n<li style=\"list-style-type: none;\">\n<ul>Annie Fournier<\/ul>\n<\/li>\n<\/ul>\n<ul>\n<li style=\"list-style-type: none;\">\n<ul>Louis Landry<\/ul>\n<\/li>\n<\/ul>\n<ul>Roch Rollin<\/ul>\n<\/li>\n<li><strong>2<sup>e<\/sup> \u00e9dition <\/strong>le 21 mars 2001\n<ul>\n<li style=\"list-style-type: none;\">\n<ul>Daniel Ducharme<\/ul>\n<\/li>\n<\/ul>\n<ul>\n<li style=\"list-style-type: none;\">\n<ul>Paul-\u00c9mile \u00c9l\u00e9ment<\/ul>\n<\/li>\n<\/ul>\n<ul>Serge Presseau<\/ul>\n<\/li>\n<li><strong>1<sup>re<\/sup> \u00e9dition <\/strong>le 3 mars 2000Johanne Lanthier<\/li>\n<\/ul>\n<\/li>\n<\/ul>\n","protected":false},"excerpt":{"rendered":"<p>16 janvier 1962, la naissance de \u00ab L&rsquo;AMICALE DES SOMMELIERS DE LA PROVINCE DE QU\u00c9BEC \u00bb En 1962, suite \u00e0 une suggestion de Monsieur Pierre Brassac, du Comit\u00e9 canadien des vins de France, quelques professionnels du milieu de l&rsquo;h\u00f4tellerie et de la restauration d\u00e9posaient la demande d&rsquo;incorporation d&rsquo;une association vineuse. C&rsquo;est en effet le 16 janvier 1962 que le Lieutenant-gouverneur du Qu\u00e9bec d\u00e9livrait les lettres patentes constituant en compagnie \u00e0<\/p>\n<p><a class=\"more-link\" href=\"https:\/\/amicaledessommeliers.com\/Quebec\/qui-sommes-nous\/esquisse-historique-de-lamicale\/\">Lire la suite&#8230;<\/a><\/p>\n","protected":false},"author":3,"featured_media":0,"parent":4,"menu_order":7,"comment_status":"closed","ping_status":"open","template":"","meta":[],"_links":{"self":[{"href":"https:\/\/amicaledessommeliers.com\/Quebec\/wp-json\/wp\/v2\/pages\/30"}],"collection":[{"href":"https:\/\/amicaledessommeliers.com\/Quebec\/wp-json\/wp\/v2\/pages"}],"about":[{"href":"https:\/\/amicaledessommeliers.com\/Quebec\/wp-json\/wp\/v2\/types\/page"}],"author":[{"embeddable":true,"href":"https:\/\/amicaledessommeliers.com\/Quebec\/wp-json\/wp\/v2\/users\/3"}],"replies":[{"embeddable":true,"href":"https:\/\/amicaledessommeliers.com\/Quebec\/wp-json\/wp\/v2\/comments?post=30"}],"version-history":[{"count":48,"href":"https:\/\/amicaledessommeliers.com\/Quebec\/wp-json\/wp\/v2\/pages\/30\/revisions"}],"predecessor-version":[{"id":4367,"href":"https:\/\/amicaledessommeliers.com\/Quebec\/wp-json\/wp\/v2\/pages\/30\/revisions\/4367"}],"up":[{"embeddable":true,"href":"https:\/\/amicaledessommeliers.com\/Quebec\/wp-json\/wp\/v2\/pages\/4"}],"wp:attachment":[{"href":"https:\/\/amicaledessommeliers.com\/Quebec\/wp-json\/wp\/v2\/media?parent=30"}],"curies":[{"name":"wp","href":"https:\/\/api.w.org\/{rel}","templated":true}]}}